{"id":661,"date":"2016-05-30T11:41:56","date_gmt":"2016-05-30T11:41:56","guid":{"rendered":"http:\/\/ndcompassion.com\/fr\/compasion-dices\/"},"modified":"2019-09-15T21:45:59","modified_gmt":"2019-09-15T19:45:59","slug":"compasion-dices","status":"publish","type":"page","link":"https:\/\/ndcompassion.com\/fr\/compasion-dices\/","title":{"rendered":"Qu&rsquo;entends-tu par Compassion?"},"content":{"rendered":"<p>[et_pb_section fb_built=\u00a0\u00bb1&Prime; custom_padding_last_edited=\u00a0\u00bbon|desktop\u00a0\u00bb admin_label=\u00a0\u00bbsection\u00a0\u00bb _builder_version=\u00a0\u00bb3.22.3&Prime; custom_padding_tablet=\u00a0\u00bb50px|0|50px|0&Prime; transparent_background=\u00a0\u00bboff\u00a0\u00bb padding_mobile=\u00a0\u00bboff\u00a0\u00bb make_fullwidth=\u00a0\u00bboff\u00a0\u00bb use_custom_width=\u00a0\u00bboff\u00a0\u00bb width_unit=\u00a0\u00bboff\u00a0\u00bb custom_width_px=\u00a0\u00bb1080px\u00a0\u00bb custom_width_percent=\u00a0\u00bb80%\u00a0\u00bb][et_pb_row padding_mobile=\u00a0\u00bboff\u00a0\u00bb column_padding_mobile=\u00a0\u00bbon\u00a0\u00bb admin_label=\u00a0\u00bbFila\u00a0\u00bb _builder_version=\u00a0\u00bb3.22.3&Prime; background_size=\u00a0\u00bbinitial\u00a0\u00bb background_position=\u00a0\u00bbtop_left\u00a0\u00bb background_repeat=\u00a0\u00bbrepeat\u00a0\u00bb make_fullwidth=\u00a0\u00bboff\u00a0\u00bb use_custom_width=\u00a0\u00bboff\u00a0\u00bb width_unit=\u00a0\u00bboff\u00a0\u00bb custom_width_px=\u00a0\u00bb1080px\u00a0\u00bb custom_width_percent=\u00a0\u00bb80%\u00a0\u00bb][et_pb_column type=\u00a0\u00bb4_4&Prime; _builder_version=\u00a0\u00bb3.0.47&Prime;][et_pb_post_title meta=\u00a0\u00bboff\u00a0\u00bb featured_image=\u00a0\u00bboff\u00a0\u00bb admin_label=\u00a0\u00bbT\u00edtulo de publicaci\u00f3n\u00a0\u00bb _builder_version=\u00a0\u00bb3.0.87&Prime; title_all_caps=\u00a0\u00bboff\u00a0\u00bb parallax=\u00a0\u00bbon\u00a0\u00bb parallax_method=\u00a0\u00bboff\u00a0\u00bb parallax_effect=\u00a0\u00bbon\u00a0\u00bb use_border_color=\u00a0\u00bboff\u00a0\u00bb border_color=\u00a0\u00bb#ffffff\u00a0\u00bb border_width=\u00a0\u00bb1px\u00a0\u00bb border_style=\u00a0\u00bbsolid\u00a0\u00bb][\/et_pb_post_title][\/et_pb_column][\/et_pb_row][et_pb_row padding_mobile=\u00a0\u00bboff\u00a0\u00bb column_padding_mobile=\u00a0\u00bbon\u00a0\u00bb admin_label=\u00a0\u00bbrow\u00a0\u00bb _builder_version=\u00a0\u00bb3.22.3&Prime; background_size=\u00a0\u00bbinitial\u00a0\u00bb background_position=\u00a0\u00bbtop_left\u00a0\u00bb background_repeat=\u00a0\u00bbrepeat\u00a0\u00bb make_fullwidth=\u00a0\u00bboff\u00a0\u00bb use_custom_width=\u00a0\u00bboff\u00a0\u00bb width_unit=\u00a0\u00bboff\u00a0\u00bb custom_width_px=\u00a0\u00bb1080px\u00a0\u00bb custom_width_percent=\u00a0\u00bb80%\u00a0\u00bb][et_pb_column type=\u00a0\u00bb1_3&Prime; _builder_version=\u00a0\u00bb3.0.47&Prime;][et_pb_image src=\u00a0\u00bbhttps:\/\/ndcompassion.com\/wp-content\/uploads\/2016\/05\/Maria-compadeciendo.jpg\u00a0\u00bb alt=\u00a0\u00bbMar\u00eda con compasi\u00f3n\u00a0\u00bb title_text=\u00a0\u00bbMar\u00eda con compasi\u00f3n\u00a0\u00bb align=\u00a0\u00bbcenter\u00a0\u00bb force_fullwidth=\u00a0\u00bbon\u00a0\u00bb admin_label=\u00a0\u00bbImagen compasion\u00a0\u00bb _builder_version=\u00a0\u00bb3.22.7&Prime; animation_style=\u00a0\u00bbslide\u00a0\u00bb animation_direction=\u00a0\u00bbleft\u00a0\u00bb animation_duration=\u00a0\u00bb500ms\u00a0\u00bb animation_intensity_slide=\u00a0\u00bb10%\u00a0\u00bb use_border_color=\u00a0\u00bboff\u00a0\u00bb border_color=\u00a0\u00bb#ffffff\u00a0\u00bb border_width=\u00a0\u00bb1px\u00a0\u00bb border_style=\u00a0\u00bbsolid\u00a0\u00bb sticky=\u00a0\u00bboff\u00a0\u00bb][\/et_pb_image][\/et_pb_column][et_pb_column type=\u00a0\u00bb2_3&Prime; _builder_version=\u00a0\u00bb3.0.47&Prime;][et_pb_text admin_label=\u00a0\u00bbLa Compassion\u00a0\u00bb _builder_version=\u00a0\u00bb3.0.87&Prime; background_size=\u00a0\u00bbinitial\u00a0\u00bb background_position=\u00a0\u00bbtop_left\u00a0\u00bb background_repeat=\u00a0\u00bbrepeat\u00a0\u00bb use_border_color=\u00a0\u00bboff\u00a0\u00bb border_style=\u00a0\u00bbsolid\u00a0\u00bb]<\/p>\n<h2>La Compassion<\/h2>\n<p style=\"text-align: justify;\">Parole \u00e9trange, et cependant chaque fois plus utilis\u00e9e dans nos conversations, dans les livres, les discours&#8230; Parole que nous traduisons parfois par peine, commis\u00e9ration, sensiblerie&#8230; et&#8230;Non ce n&rsquo;est pas cela!. La Compassion est avant tout d\u00e9vouement et solidarit\u00e9.<br \/>\nCar la Compassion tient sa raison d&rsquo;\u00eatre dans la mani\u00e8re d&rsquo;\u00eatre de Dieu, dans son amour mis\u00e9ricordieux pour l&rsquo;humanit\u00e9 :<br \/>\n\u00ab J&rsquo;ai vu la mis\u00e8re de mon peuple&#8230; Je connais ses souffrances&#8230; La clameur de mon peuple est venue jusqu&rsquo;\u00e0 moi&#8230; \u00bb (Ex. 3, 7-10)<br \/>\nLa v\u00e9ritable compassion \u00e9largit le c\u0153ur, elle met en mouvement les pieds et les mains, et conduit \u00e0 \u00eatre proche de l&rsquo;autre \u00e0 la mani\u00e8re du Bon Samaritain.<br \/>\n\u00ab Il le vit et fut saisi de piti\u00e9;<br \/>\nil s&rsquo;approcha, pansa ses plaies en y versant de l&rsquo;huile et du vin ;<br \/>\npuis il le monta sur sa propre monture,<br \/>\nle conduisit dans une auberge et prit soin de lui et<br \/>\nil s&rsquo;assura que l&rsquo;on prendrait soin de lui jusqu&rsquo;\u00e0 son retour \u00bb<br \/>\n(Lc. 10, 25-37)<\/p>\n<p style=\"text-align: justify;\">C&rsquo;est ce que cherchent \u00e0 vivre et \u00e0 faire les S\u0153urs de Notre Dame de la Compassion&#8230; Et c&rsquo;est de cette Compassion qu&rsquo;elles souhaitent t\u00e9moigner au travers de ce site web.<\/p>\n<p>[\/et_pb_text][\/et_pb_column][\/et_pb_row][et_pb_row padding_mobile=\u00a0\u00bboff\u00a0\u00bb column_padding_mobile=\u00a0\u00bbon\u00a0\u00bb admin_label=\u00a0\u00bbrow\u00a0\u00bb _builder_version=\u00a0\u00bb3.22.3&Prime; background_size=\u00a0\u00bbinitial\u00a0\u00bb background_position=\u00a0\u00bbtop_left\u00a0\u00bb background_repeat=\u00a0\u00bbrepeat\u00a0\u00bb make_fullwidth=\u00a0\u00bboff\u00a0\u00bb use_custom_width=\u00a0\u00bboff\u00a0\u00bb width_unit=\u00a0\u00bboff\u00a0\u00bb custom_width_px=\u00a0\u00bb1080px\u00a0\u00bb custom_width_percent=\u00a0\u00bb80%\u00a0\u00bb][et_pb_column type=\u00a0\u00bb1_3&Prime; _builder_version=\u00a0\u00bb3.0.47&Prime;][et_pb_image src=\u00a0\u00bbhttps:\/\/ndcompassion.com\/wp-content\/uploads\/2016\/05\/Logo-dh.jpg\u00a0\u00bb alt=\u00a0\u00bbCompasi\u00f3n\u00a0\u00bb title_text=\u00a0\u00bbCompasi\u00f3n\u00a0\u00bb align=\u00a0\u00bbcenter\u00a0\u00bb force_fullwidth=\u00a0\u00bbon\u00a0\u00bb admin_label=\u00a0\u00bbImagen Logo dh\u00a0\u00bb _builder_version=\u00a0\u00bb3.22.7&Prime; animation_style=\u00a0\u00bbslide\u00a0\u00bb animation_direction=\u00a0\u00bbleft\u00a0\u00bb animation_duration=\u00a0\u00bb500ms\u00a0\u00bb animation_intensity_slide=\u00a0\u00bb10%\u00a0\u00bb use_border_color=\u00a0\u00bboff\u00a0\u00bb border_color=\u00a0\u00bb#ffffff\u00a0\u00bb border_width=\u00a0\u00bb1px\u00a0\u00bb border_style=\u00a0\u00bbsolid\u00a0\u00bb sticky=\u00a0\u00bboff\u00a0\u00bb][\/et_pb_image][\/et_pb_column][et_pb_column type=\u00a0\u00bb2_3&Prime; _builder_version=\u00a0\u00bb3.0.47&Prime;][et_pb_text admin_label=\u00a0\u00bbNotre spiritualit\u00e9\u00a0\u00bb _builder_version=\u00a0\u00bb3.0.87&Prime; background_size=\u00a0\u00bbinitial\u00a0\u00bb background_position=\u00a0\u00bbtop_left\u00a0\u00bb background_repeat=\u00a0\u00bbrepeat\u00a0\u00bb use_border_color=\u00a0\u00bboff\u00a0\u00bb border_style=\u00a0\u00bbsolid\u00a0\u00bb]<\/p>\n<h2>Notre spiritualit\u00e9<\/h2>\n<p style=\"text-align: justify;\"><em><strong>Une spiritualit\u00e9 enracin\u00e9e dans le Christ Crucifi\u00e9 et dans Marie au pied de la Croix<\/strong><\/em><\/p>\n<p style=\"text-align: justify;\"><strong>Maurice Garrigou<\/strong>, donna aux S\u0153urs comme cl\u00e9 de leur vie, le fruit de sa propre sagesse spirituelle, forg\u00e9e depuis sa jeunesse:<\/p>\n<p style=\"text-align: justify;\">J\u00e9sus sera votre mod\u00e8le ; son \u00c9vangile votre r\u00e8gle \u00bb<\/p>\n<p style=\"text-align: justify;\">Ce fut \u00e9galement son charisme personnel, fruit de la contemplation de ce J\u00e9sus dans les \u00e9v\u00e9nements de son \u00e9poque, qui guida de mani\u00e8re privil\u00e9gi\u00e9e son regard et son c\u0153ur vers le pr\u00e9toire (Ecce Homo) et le Calvaire (le Crucifi\u00e9 et sa M\u00e8re au pied de la Croix) Il les consid\u00e9rera comme des lieux d&rsquo;unification de sa vie de d\u00e9vouement et de service humble et solidaire.<\/p>\n<p style=\"text-align: justify;\">La contemplation de J\u00e9sus humili\u00e9, celle du Crucifi\u00e9, et de Marie au pied de la croix, associ\u00e9e \u00e0 ce myst\u00e8re, vont transformer le c\u0153ur du P\u00e8re Maurice Garrigou en un c\u0153ur semblable \u00e0 celui de J\u00e9sus et de Marie en lui donnant une mani\u00e8re particuli\u00e8re d&rsquo;\u00eatre lui m\u00eame et dans le monde.<\/p>\n<p style=\"text-align: justify;\">Pour les s\u0153urs de Notre Dame de la Compassion, suivre le chemin du Christ, \u00e0 la lumi\u00e8re du charisme re\u00e7u de leur fondateur, ne consiste pas \u00e0 faire des choses extraordinaires mais \u00e0 assurer un service patient et compatissant aupr\u00e8s des autres \u00e0 travers les \u0153uvres \u00e9ducatives, le soin des pauvres. La vie communautaire et une vie spirituelle faite de simplicit\u00e9, d&rsquo;oubli de soi m\u00eame d&rsquo;abn\u00e9gation, d&rsquo;humilit\u00e9 les conduit \u00e0 vivre un amour consacr\u00e9 dans la communion avec ceux qui souffrent et dans la solidarit\u00e9 avec ceux qui travaillent pour que disparaissent les causes qui g\u00e9n\u00e8rent l&rsquo;injustice.<\/p>\n<p style=\"text-align: justify;\">A l&rsquo;image de Marie au pied de la Croix, elles veulent servir l&rsquo;humanit\u00e9 avec un c\u0153ur grand et compatissant, d&rsquo;une mani\u00e8re sp\u00e9ciale pour l&rsquo;humanit\u00e9 souffrante, en se laissant transformer par l&rsquo;Esprit pour vivre :<\/p>\n<ul>\n<li style=\"text-align: justify;\">Dans une attitude contemplative qui permet de d\u00e9couvrir Dieu pr\u00e9sent et agissant dans l&rsquo;histoire et notre existence m\u00eame.<\/li>\n<li style=\"text-align: justify;\">Avec une sensibilit\u00e9 particuli\u00e8re pour toutes les situations de faiblesse, de pauvret\u00e9 et de souffrance.<\/li>\n<li style=\"text-align: justify;\">Dans une disponibilit\u00e9, un accueil et une simplicit\u00e9 qui les rendent proches des autres<\/li>\n<li style=\"text-align: justify;\">A partir d&rsquo;un dynamisme cr\u00e9atif au service du prochain<\/li>\n<\/ul>\n<p>[\/et_pb_text][et_pb_text admin_label=\u00a0\u00bbNotre mission\u00a0\u00bb _builder_version=\u00a0\u00bb3.0.87&Prime; background_size=\u00a0\u00bbinitial\u00a0\u00bb background_position=\u00a0\u00bbtop_left\u00a0\u00bb background_repeat=\u00a0\u00bbrepeat\u00a0\u00bb use_border_color=\u00a0\u00bboff\u00a0\u00bb border_style=\u00a0\u00bbsolid\u00a0\u00bb]<\/p>\n<h2>Notre mission<\/h2>\n<p style=\"text-align: justify;\"><em><strong>Fid\u00e8les au charisme de notre Fondateur, notre vie \u00e0 l&rsquo;image de celle de J\u00e9sus veut \u00eatre l&rsquo;expression de l&rsquo;amour de Dieu pour les petits, les faibles et les m\u00e9pris\u00e9s de la soci\u00e9t\u00e9&#8230;<\/strong><\/em><\/p>\n<p style=\"text-align: justify;\">\u00catre l&rsquo;expression de l&rsquo;amour de Dieu pour les petits, les faibles et les m\u00e9pris\u00e9s de la soci\u00e9t\u00e9 c&rsquo;est \u00eatre pour eux, t\u00e9moins de la Bonne Nouvelle et partager leur vie au travers de l&rsquo;\u00e9ducation, de la pastorale, de l&rsquo;accompagnement et du service vis \u00e0 vis de ceux qui ont des facult\u00e9s diff\u00e9rentes ou de ceux qui sont abandonn\u00e9s, emprisonn\u00e9s, \u00e9migrants et appauvris, ou en \u00e9tant aux cot\u00e9s des a\u00een\u00e9s et des malades&#8230;<\/p>\n<p style=\"text-align: justify;\">Depuis toujours, l&rsquo;Institut a voulu \u00eatre fid\u00e8le \u00e0 ses origines mais logiquement, les mani\u00e8res de vivre ont chang\u00e9 et se sont adapt\u00e9es au moment et aux divers pays dans lesquels les communaut\u00e9s se sont \u00e9tablies; les r\u00e9alit\u00e9s v\u00e9cues tout au long de son histoire ont \u00e9t\u00e9 si diff\u00e9rentes que les r\u00e9ponses apport\u00e9es ont \u00e9galement \u00e9t\u00e9 tr\u00e8s diff\u00e9rentes.<\/p>\n<p style=\"text-align: justify;\">C&rsquo;est pour cela que parfois l&rsquo;amour de COMPASSION se traduit par l&rsquo;accueil, ou la proximit\u00e9, par la gu\u00e9rison ou le pardon; ou bien encore par l&rsquo;engagement pour la justice, la paix, v\u00e9cu avec d&rsquo;autres, ou par un engagement en pastorale, par l&rsquo;accompagnement ou la d\u00e9nonciation de situations injustes&#8230; Mais l&rsquo;appel est toujours le m\u00eame depuis l&rsquo;origine:<\/p>\n<p style=\"text-align: justify;\">\u00ab Participer \u00e0 la mission \u00e9vang\u00e9lisatrice de l\u2019\u00c9glise \u00e0 travers l&rsquo;\u00e9ducation chr\u00e9tienne des jeunes et le soulagement des pauvres par tous les moyens possibles \u00bb (Const. n\u00b010)<\/p>\n<p style=\"text-align: justify;\">Ainsi la Compassion va faire des choix selon les cas, en faisant \u00e9cho au d\u00e9sir de Maurice Garrigou pour l&rsquo;Institut:<\/p>\n<p style=\"text-align: justify;\"><strong>\u00ab Soyez des glaneuses dans le champ du P\u00e8re de famille&#8230; \u00bb<\/strong><\/p>\n<p>[\/et_pb_text][\/et_pb_column][\/et_pb_row][\/et_pb_section]<\/p>\n","protected":false},"excerpt":{"rendered":"<p>La Compassion Parole \u00e9trange, et cependant chaque fois plus utilis\u00e9e dans nos conversations, dans les livres, les discours&#8230; Parole que nous traduisons parfois par peine, commis\u00e9ration, sensiblerie&#8230; et&#8230;Non ce n&rsquo;est pas cela!. La Compassion est avant tout d\u00e9vouement et solidarit\u00e9. Car la Compassion tient sa raison d&rsquo;\u00eatre dans la mani\u00e8re d&rsquo;\u00eatre de Dieu, dans son [&hellip;]<\/p>\n","protected":false},"author":1,"featured_media":0,"parent":0,"menu_order":0,"comment_status":"closed","ping_status":"closed","template":"","meta":{"_et_pb_use_builder":"on","_et_pb_old_content":"","_et_gb_content_width":"","footnotes":""},"class_list":["post-661","page","type-page","status-publish","hentry"],"_links":{"self":[{"href":"https:\/\/ndcompassion.com\/fr\/wp-json\/wp\/v2\/pages\/661","targetHints":{"allow":["GET"]}}],"collection":[{"href":"https:\/\/ndcompassion.com\/fr\/wp-json\/wp\/v2\/pages"}],"about":[{"href":"https:\/\/ndcompassion.com\/fr\/wp-json\/wp\/v2\/types\/page"}],"author":[{"embeddable":true,"href":"https:\/\/ndcompassion.com\/fr\/wp-json\/wp\/v2\/users\/1"}],"replies":[{"embeddable":true,"href":"https:\/\/ndcompassion.com\/fr\/wp-json\/wp\/v2\/comments?post=661"}],"version-history":[{"count":23,"href":"https:\/\/ndcompassion.com\/fr\/wp-json\/wp\/v2\/pages\/661\/revisions"}],"predecessor-version":[{"id":2122,"href":"https:\/\/ndcompassion.com\/fr\/wp-json\/wp\/v2\/pages\/661\/revisions\/2122"}],"wp:attachment":[{"href":"https:\/\/ndcompassion.com\/fr\/wp-json\/wp\/v2\/media?parent=661"}],"curies":[{"name":"wp","href":"https:\/\/api.w.org\/{rel}","templated":true}]}}