{"id":1087,"date":"2016-06-09T23:17:46","date_gmt":"2016-06-09T23:17:46","guid":{"rendered":"http:\/\/ndcompassion.com\/fr\/biblioteca-del-padre-fundador\/"},"modified":"2016-12-28T22:24:19","modified_gmt":"2016-12-28T22:24:19","slug":"bibliotheque-du-pere-fondateur","status":"publish","type":"page","link":"https:\/\/ndcompassion.com\/fr\/bibliotheque-du-pere-fondateur\/","title":{"rendered":"Biblioth\u00e8que du P\u00e8re Fondateur"},"content":{"rendered":"<p>[et_pb_section admin_label=\u00a0\u00bbsection\u00a0\u00bb][et_pb_row admin_label=\u00a0\u00bbrow\u00a0\u00bb][et_pb_column type=\u00a0\u00bb4_4&Prime;][et_pb_post_title admin_label=\u00a0\u00bb Titre de la publication\u00a0\u00bb title=\u00a0\u00bbon\u00a0\u00bb meta=\u00a0\u00bboff\u00a0\u00bb author=\u00a0\u00bbon\u00a0\u00bb date=\u00a0\u00bbon\u00a0\u00bb categories=\u00a0\u00bbon\u00a0\u00bb comments=\u00a0\u00bbon\u00a0\u00bb featured_image=\u00a0\u00bboff\u00a0\u00bb featured_placement=\u00a0\u00bbbelow\u00a0\u00bb parallax_effect=\u00a0\u00bbon\u00a0\u00bb parallax_method=\u00a0\u00bbon\u00a0\u00bb text_orientation=\u00a0\u00bbleft\u00a0\u00bb text_color=\u00a0\u00bbdark\u00a0\u00bb text_background=\u00a0\u00bboff\u00a0\u00bb text_bg_color=\u00a0\u00bbrgba(255,255,255,0.9)\u00a0\u00bb module_bg_color=\u00a0\u00bbrgba(255,255,255,0)\u00a0\u00bb title_all_caps=\u00a0\u00bboff\u00a0\u00bb use_border_color=\u00a0\u00bboff\u00a0\u00bb border_color=\u00a0\u00bb#ffffff\u00a0\u00bb border_style=\u00a0\u00bbsolid\u00a0\u00bb] [\/et_pb_post_title][et_pb_text admin_label=\u00a0\u00bbTexte Biblioth\u00e8que Partie 1&Prime; background_layout=\u00a0\u00bblight\u00a0\u00bb text_orientation=\u00a0\u00bbleft\u00a0\u00bb use_border_color=\u00a0\u00bboff\u00a0\u00bb border_color=\u00a0\u00bb#ffffff\u00a0\u00bb border_style=\u00a0\u00bbsolid\u00a0\u00bb]<\/p>\n<p style=\"text-align: justify;\">La biblioth\u00e8que de la Congr\u00e9gation a \u00e9t\u00e9 \u00e9labor\u00e9e au fil des si\u00e8cles depuis la la fondation en 1817. Elle se compose d&rsquo;ouvrages du milieu du XVIIe si\u00e8cle jusqu&rsquo;au XXe si\u00e8cle, tant religieux que profanes. L&rsquo;histoire de la Congr\u00e9gation, qui fut un lieu d&rsquo;enseignement tout au long du XIXe si\u00e8cle, contribue \u00e0 expliquer cette diversit\u00e9 et cette richesse. On y trouve ainsi des sermons, des m\u00e9ditations, des cat\u00e9chismes, des ouvrages sur la vie religieuse et monastique, sur la spiritualit\u00e9, le droit canonique, mais aussi des partitions musicales &#8211; des op\u00e9rettes aux chants liturgiques en passant par les m\u00e9thodes de piano et d&rsquo;orgue -, des atlas, des herbiers, des oeuvres litt\u00e9raires, historiques et d&rsquo;autres&#8230; Et parmi ces ouvrages vari\u00e9s, quelques perles se d\u00e9tachent : ex-libris remarquables, manuscrits calligraphi\u00e9s, reliures armori\u00e9es, gravures \u00e9l\u00e9gantes et raffin\u00e9es, ouvrages marqu\u00e9s par le temps et l&rsquo;histoire&#8230;<\/p>\n<div class=\"page\" style=\"text-align: justify;\" title=\"Page 1\">\n<div class=\"section\">\n<div class=\"layoutArea\">\n<div class=\"column\">\n<p>Le d\u00e9veloppement du fonds patrimonial des S\u0153urs de Notre-Dame de la Compassion est clos. Cependant, le fonds peut se trouver enrichi par l&rsquo;apport de donations ponctuelles et extraordinaires.<\/p>\n<\/div>\n<\/div>\n<div class=\"layoutArea\">\n<div class=\"column\">\n<p>Les collections sont rang\u00e9es en deux endroits diff\u00e9rents d&rsquo;o\u00f9 deux localisations : le Mus\u00e9e et la Salle E.C. (Coll\u00e8ge de Foix).<\/p>\n<\/div>\n<\/div>\n<div class=\"layoutArea\">\n<div class=\"column\">\n<p>Le Mus\u00e9e contient les ouvrages religieux (droit canonique, m\u00e9ditations, sacrements religieux, histoire religieuse, etc.) et la biblioth\u00e8que du P\u00e8re fondateur.<\/p>\n<\/div>\n<\/div>\n<div class=\"layoutArea\">\n<div class=\"column\">\n<p>La salle E.C. contient les ouvrages profanes ayant servi \u00e0 l&rsquo;instruction des jeunes filles au cours du XIXe si\u00e8cle, ainsi que les ouvrages de liturgie (br\u00e9viaires, missels, etc.) et les p\u00e9riodiques anciens.<\/p>\n<\/div>\n<\/div>\n<div class=\"layoutArea\">\n<div class=\"column\">\n<p>A ce jour, l&rsquo;ensemble des fonds patrimoniaux de la biblioth\u00e8que de la Congr\u00e9gation de Notre-Dame de la Compassion a \u00e9t\u00e9 inventori\u00e9 et catalogu\u00e9.<\/p>\n<\/div>\n<\/div>\n<\/div>\n<\/div>\n<p style=\"text-align: justify;\">Pour toute information compl\u00e9mentaire, envoyez un message \u00e0 notre archiviste en remplissant le formulaire de <a href=\"http:\/\/ndcompassion.com\/fr\/ou-sommes-nous\/\">contact<\/a>\u00a0ou par e-mail\u00a0archives@ndcompassion.com<\/p>\n<p style=\"text-align: justify;\">Par mesure de s\u00e9curit\u00e9, l&rsquo;acc\u00e8s au mus\u00e9e et aux livres de la biblioth\u00e8que est restreint. Les livres sont certes en bon \u00e9tat pour la plupart mais demeurent anciens et donc fragiles.<\/p>\n<p style=\"text-align: justify;\">La consultation \u00ab\u00a0livre en main\u00a0\u00bb des ouvrages peut s&rsquo;av\u00e9rer p\u00e9rilleuse, aussi une proc\u00e9dure a-t-elle \u00e9t\u00e9 mise en place et nous vous serions gr\u00e9 de bien vouloir la respecter.\u00a0Pour cette proc\u00e9dure, consultez le guide <a href=\"http:\/\/ndcompassion.com\/wp-content\/uploads\/2016\/12\/Guide-Proc\u00e9dure-pour-la-consultation-des-ouvrages.pdf\">ici<\/a> \u00a1Merci d&rsquo;avance!.<\/p>\n<p>[\/et_pb_text][et_pb_text admin_label=\u00a0\u00bbTexte descriptif\u00a0\u00bb background_layout=\u00a0\u00bblight\u00a0\u00bb text_orientation=\u00a0\u00bbleft\u00a0\u00bb use_border_color=\u00a0\u00bboff\u00a0\u00bb border_color=\u00a0\u00bb#ffffff\u00a0\u00bb border_style=\u00a0\u00bbsolid\u00a0\u00bb]<\/p>\n<p style=\"text-align: center;\">Ceci est une galerie de photos avec des \u00e9chantillons du fondateur de la biblioth\u00e8que P\u00e8re, cliquez sur les images pour les voir en grand format.<\/p>\n<p>[\/et_pb_text][et_pb_gallery admin_label=\u00a0\u00bbGalerie fondateur P\u00e8re biblioth\u00e8que\u00a0\u00bb fullwidth=\u00a0\u00bboff\u00a0\u00bb posts_number=\u00a0\u00bb25&Prime; show_title_and_caption=\u00a0\u00bboff\u00a0\u00bb show_pagination=\u00a0\u00bbon\u00a0\u00bb background_layout=\u00a0\u00bblight\u00a0\u00bb auto=\u00a0\u00bboff\u00a0\u00bb hover_overlay_color=\u00a0\u00bbrgba(255,255,255,0.9)\u00a0\u00bb caption_all_caps=\u00a0\u00bboff\u00a0\u00bb use_border_color=\u00a0\u00bboff\u00a0\u00bb border_color=\u00a0\u00bb#ffffff\u00a0\u00bb border_style=\u00a0\u00bbsolid\u00a0\u00bb gallery_ids=\u00a0\u00bb436,438,440,442,444,446,448,450,452,454,456,458,460,462,464,466,468,470,472,474,476,478,480,482,484&Prime;] [\/et_pb_gallery][et_pb_text admin_label=\u00a0\u00bbTexte Biblioth\u00e8que Partie 2&Prime; background_layout=\u00a0\u00bblight\u00a0\u00bb text_orientation=\u00a0\u00bbleft\u00a0\u00bb use_border_color=\u00a0\u00bboff\u00a0\u00bb border_color=\u00a0\u00bb#ffffff\u00a0\u00bb border_style=\u00a0\u00bbsolid\u00a0\u00bb]<\/p>\n<p><a href=\"http:\/\/bibliotheque.ndcompassion.com\/opac_css\/?database=bibliotheque\" target=\"_blank\">Acc\u00e8s au catalogue en ligne<\/a><\/p>\n<p>Il \u00e9tait une fois, le catalogue en ligne de la biblioth\u00e8que des S\u0153urs de Notre-Dame de la Compassion&#8230;\u00a0<a href='http:\/\/ndcompassion.com\/fr\/acces-au-catalogue-en-ligne\/' class='small-button smallorange'>En savoir plus<\/a><\/p>\n<p>[\/et_pb_text][\/et_pb_column][\/et_pb_row][\/et_pb_section]<\/p>\n","protected":false},"excerpt":{"rendered":"<p>La biblioth\u00e8que de la Congr\u00e9gation a \u00e9t\u00e9 \u00e9labor\u00e9e au fil des si\u00e8cles depuis la la fondation en 1817. Elle se compose d&rsquo;ouvrages du milieu du XVIIe si\u00e8cle jusqu&rsquo;au XXe si\u00e8cle, tant religieux que profanes. L&rsquo;histoire de la Congr\u00e9gation, qui fut un lieu d&rsquo;enseignement tout au long du XIXe si\u00e8cle, contribue \u00e0 expliquer cette diversit\u00e9 et [&hellip;]<\/p>\n","protected":false},"author":1,"featured_media":0,"parent":0,"menu_order":0,"comment_status":"closed","ping_status":"closed","template":"","meta":{"_et_pb_use_builder":"on","_et_pb_old_content":"","_et_gb_content_width":"","footnotes":""},"class_list":["post-1087","page","type-page","status-publish","hentry"],"_links":{"self":[{"href":"https:\/\/ndcompassion.com\/fr\/wp-json\/wp\/v2\/pages\/1087","targetHints":{"allow":["GET"]}}],"collection":[{"href":"https:\/\/ndcompassion.com\/fr\/wp-json\/wp\/v2\/pages"}],"about":[{"href":"https:\/\/ndcompassion.com\/fr\/wp-json\/wp\/v2\/types\/page"}],"author":[{"embeddable":true,"href":"https:\/\/ndcompassion.com\/fr\/wp-json\/wp\/v2\/users\/1"}],"replies":[{"embeddable":true,"href":"https:\/\/ndcompassion.com\/fr\/wp-json\/wp\/v2\/comments?post=1087"}],"version-history":[{"count":10,"href":"https:\/\/ndcompassion.com\/fr\/wp-json\/wp\/v2\/pages\/1087\/revisions"}],"predecessor-version":[{"id":1256,"href":"https:\/\/ndcompassion.com\/fr\/wp-json\/wp\/v2\/pages\/1087\/revisions\/1256"}],"wp:attachment":[{"href":"https:\/\/ndcompassion.com\/fr\/wp-json\/wp\/v2\/media?parent=1087"}],"curies":[{"name":"wp","href":"https:\/\/api.w.org\/{rel}","templated":true}]}}