{"id":1081,"date":"2016-06-09T23:16:50","date_gmt":"2016-06-09T23:16:50","guid":{"rendered":"http:\/\/ndcompassion.com\/fr\/museo-de-la-casa-madre\/"},"modified":"2016-08-05T14:30:12","modified_gmt":"2016-08-05T14:30:12","slug":"musee-de-la-maison-mere","status":"publish","type":"page","link":"https:\/\/ndcompassion.com\/fr\/musee-de-la-maison-mere\/","title":{"rendered":"Mus\u00e9e de la Maison M\u00e8re"},"content":{"rendered":"<p>[et_pb_section admin_label=\u00a0\u00bbsection\u00a0\u00bb][et_pb_row admin_label=\u00a0\u00bbrow\u00a0\u00bb][et_pb_column type=\u00a0\u00bb4_4&Prime;][et_pb_post_title admin_label=\u00a0\u00bb Titre de la publication\u00a0\u00bb title=\u00a0\u00bbon\u00a0\u00bb meta=\u00a0\u00bboff\u00a0\u00bb author=\u00a0\u00bbon\u00a0\u00bb date=\u00a0\u00bbon\u00a0\u00bb categories=\u00a0\u00bbon\u00a0\u00bb comments=\u00a0\u00bbon\u00a0\u00bb featured_image=\u00a0\u00bboff\u00a0\u00bb featured_placement=\u00a0\u00bbbelow\u00a0\u00bb parallax_effect=\u00a0\u00bbon\u00a0\u00bb parallax_method=\u00a0\u00bbon\u00a0\u00bb text_orientation=\u00a0\u00bbleft\u00a0\u00bb text_color=\u00a0\u00bbdark\u00a0\u00bb text_background=\u00a0\u00bboff\u00a0\u00bb text_bg_color=\u00a0\u00bbrgba(255,255,255,0.9)\u00a0\u00bb module_bg_color=\u00a0\u00bbrgba(255,255,255,0)\u00a0\u00bb title_all_caps=\u00a0\u00bbon\u00a0\u00bb use_border_color=\u00a0\u00bboff\u00a0\u00bb border_color=\u00a0\u00bb#ffffff\u00a0\u00bb border_style=\u00a0\u00bbsolid\u00a0\u00bb]<br \/>\n[\/et_pb_post_title][et_pb_text admin_label=\u00a0\u00bbTexte History Museum\u00a0\u00bb background_layout=\u00a0\u00bblight\u00a0\u00bb text_orientation=\u00a0\u00bbleft\u00a0\u00bb use_border_color=\u00a0\u00bboff\u00a0\u00bb border_color=\u00a0\u00bb#ffffff\u00a0\u00bb border_style=\u00a0\u00bbsolid\u00a0\u00bb]<\/p>\n<p>Les objets expos\u00e9s au mus\u00e9e des Soeurs de Notre-Dame de la Compassion, t\u00e9moins de l\u2019oeuvre et de l&rsquo;histoire de la communaut\u00e9, ont longtemps voyag\u00e9 au cours de leur existence, diss\u00e9min\u00e9s \u00e0 travers les innombrables pi\u00e8ces du Coll\u00e8ge de Foix.<\/p>\n<p>A l&rsquo;aube des ann\u00e9es 1970, l&rsquo;id\u00e9e vint d&rsquo;\u00e9riger une Salle des Souvenirs pour les y rassembler et c&rsquo;est ainsi que naquit le premier lieu de m\u00e9moire de l\u2019oeuvre du P\u00e8re Fondateur, Maurice Garrigou.<\/p>\n<p>Ce n&rsquo;est qu&rsquo;apr\u00e8s de longs travaux achev\u00e9s en 2007, que le mus\u00e9e, tel que vous pourrez le d\u00e9couvrir, ne prit sa forme actuelle.<br \/>\nPour toute information compl\u00e9mentaire, envoyez un message \u00e0 notre archiviste en remplissant le formulaire de <a href=\"http:\/\/ndcompassion.com\/fr\/ou-sommes-nous\/\">contact<\/a>.<\/p>\n<p style=\"text-align: justify;\"><strong>Temps et d&rsquo;attention Acc\u00e8s::<\/strong><\/p>\n<p style=\"text-align: justify;\">2 rue Antoine Deville, Toulouse, le mus\u00e9e est ouvert\u00a09 a 12h y de 14h a 17h, sur rendez-vous.<\/p>\n<p style=\"text-align: justify;\">Visite heureux!<\/p>\n<p>[\/et_pb_text][et_pb_text admin_label=\u00a0\u00bbTexte descriptif\u00a0\u00bb background_layout=\u00a0\u00bblight\u00a0\u00bb text_orientation=\u00a0\u00bbleft\u00a0\u00bb use_border_color=\u00a0\u00bboff\u00a0\u00bb border_color=\u00a0\u00bb#ffffff\u00a0\u00bb border_style=\u00a0\u00bbsolid\u00a0\u00bb]<\/p>\n<p style=\"text-align: center;\">Voici quelques images repr\u00e9sentatives du Mus\u00e9e Maison M\u00e8re, cliquez sur les images pour les voir en grand format.<\/p>\n<p>[\/et_pb_text][et_pb_gallery admin_label=\u00a0\u00bbGalerie mus\u00e9e maison m\u00e8re\u00a0\u00bb gallery_ids=\u00a0\u00bb784,786,796,798,800,802,804,806,808,810,812,814,816,818,820,822&Prime; fullwidth=\u00a0\u00bboff\u00a0\u00bb show_title_and_caption=\u00a0\u00bboff\u00a0\u00bb show_pagination=\u00a0\u00bbon\u00a0\u00bb background_layout=\u00a0\u00bblight\u00a0\u00bb auto=\u00a0\u00bboff\u00a0\u00bb hover_overlay_color=\u00a0\u00bbrgba(255,255,255,0.9)\u00a0\u00bb caption_all_caps=\u00a0\u00bboff\u00a0\u00bb use_border_color=\u00a0\u00bboff\u00a0\u00bb border_color=\u00a0\u00bb#ffffff\u00a0\u00bb border_style=\u00a0\u00bbsolid\u00a0\u00bb posts_number=\u00a0\u00bb20&Prime;]<br \/>\n[\/et_pb_gallery][\/et_pb_column][\/et_pb_row][\/et_pb_section]<\/p>\n","protected":false},"excerpt":{"rendered":"<p>Les objets expos\u00e9s au mus\u00e9e des Soeurs de Notre-Dame de la Compassion, t\u00e9moins de l\u2019oeuvre et de l&rsquo;histoire de la communaut\u00e9, ont longtemps voyag\u00e9 au cours de leur existence, diss\u00e9min\u00e9s \u00e0 travers les innombrables pi\u00e8ces du Coll\u00e8ge de Foix. A l&rsquo;aube des ann\u00e9es 1970, l&rsquo;id\u00e9e vint d&rsquo;\u00e9riger une Salle des Souvenirs pour les y rassembler [&hellip;]<\/p>\n","protected":false},"author":1,"featured_media":0,"parent":0,"menu_order":0,"comment_status":"closed","ping_status":"closed","template":"","meta":{"_et_pb_use_builder":"on","_et_pb_old_content":"","_et_gb_content_width":"","footnotes":""},"class_list":["post-1081","page","type-page","status-publish","hentry"],"_links":{"self":[{"href":"https:\/\/ndcompassion.com\/fr\/wp-json\/wp\/v2\/pages\/1081","targetHints":{"allow":["GET"]}}],"collection":[{"href":"https:\/\/ndcompassion.com\/fr\/wp-json\/wp\/v2\/pages"}],"about":[{"href":"https:\/\/ndcompassion.com\/fr\/wp-json\/wp\/v2\/types\/page"}],"author":[{"embeddable":true,"href":"https:\/\/ndcompassion.com\/fr\/wp-json\/wp\/v2\/users\/1"}],"replies":[{"embeddable":true,"href":"https:\/\/ndcompassion.com\/fr\/wp-json\/wp\/v2\/comments?post=1081"}],"version-history":[{"count":5,"href":"https:\/\/ndcompassion.com\/fr\/wp-json\/wp\/v2\/pages\/1081\/revisions"}],"predecessor-version":[{"id":1138,"href":"https:\/\/ndcompassion.com\/fr\/wp-json\/wp\/v2\/pages\/1081\/revisions\/1138"}],"wp:attachment":[{"href":"https:\/\/ndcompassion.com\/fr\/wp-json\/wp\/v2\/media?parent=1081"}],"curies":[{"name":"wp","href":"https:\/\/api.w.org\/{rel}","templated":true}]}}