{"id":50,"date":"2016-05-30T11:43:12","date_gmt":"2016-05-30T11:43:12","guid":{"rendered":"http:\/\/ndcompassion.com\/?page_id=50"},"modified":"2016-08-02T13:41:33","modified_gmt":"2016-08-02T13:41:33","slug":"nuestros-fundadores-y-maestros","status":"publish","type":"page","link":"https:\/\/ndcompassion.com\/es\/nuestros-fundadores-y-maestros\/","title":{"rendered":"Nuestros fundadores y maestros"},"content":{"rendered":"<p>[et_pb_section admin_label=\u00bbsection\u00bb][et_pb_row admin_label=\u00bbFila\u00bb][et_pb_column type=\u00bb4_4&#8243;][et_pb_post_title admin_label=\u00bbT\u00edtulo de publicaci\u00f3n\u00bb title=\u00bbon\u00bb meta=\u00bboff\u00bb author=\u00bbon\u00bb date=\u00bbon\u00bb categories=\u00bbon\u00bb comments=\u00bbon\u00bb featured_image=\u00bboff\u00bb featured_placement=\u00bbbelow\u00bb parallax_effect=\u00bbon\u00bb parallax_method=\u00bbon\u00bb text_orientation=\u00bbleft\u00bb text_color=\u00bbdark\u00bb text_background=\u00bboff\u00bb text_bg_color=\u00bbrgba(255,255,255,0.9)\u00bb module_bg_color=\u00bbrgba(255,255,255,0)\u00bb title_all_caps=\u00bboff\u00bb use_border_color=\u00bboff\u00bb border_color=\u00bb#ffffff\u00bb border_style=\u00bbsolid\u00bb] [\/et_pb_post_title][\/et_pb_column][\/et_pb_row][et_pb_row admin_label=\u00bbFila\u00bb][et_pb_column type=\u00bb1_3&#8243;][et_pb_blurb admin_label=\u00bbTexto e imagen Maurice Garrigou (1766 &#8211; 1852)\u00bb title=\u00bbMaurice Garrigou (1766 &#8211; 1852)\u00bb url_new_window=\u00bboff\u00bb use_icon=\u00bboff\u00bb icon_color=\u00bb#dd9933&#8243; use_circle=\u00bboff\u00bb circle_color=\u00bb#dd9933&#8243; use_circle_border=\u00bboff\u00bb circle_border_color=\u00bb#dd9933&#8243; icon_placement=\u00bbtop\u00bb animation=\u00bbtop\u00bb background_layout=\u00bblight\u00bb text_orientation=\u00bbleft\u00bb use_icon_font_size=\u00bboff\u00bb use_border_color=\u00bboff\u00bb border_color=\u00bb#ffffff\u00bb border_style=\u00bbsolid\u00bb image=\u00bbhttp:\/\/ndcompassion.com\/wp-content\/uploads\/2016\/05\/P-Mauricio-Garrigou.jpg\u00bb] El fundador del Instituto de Nuestra Se\u00f1ora de la Compasi\u00f3n en Toulouse. [\/et_pb_blurb][\/et_pb_column][et_pb_column type=\u00bb1_3&#8243;][et_pb_blurb admin_label=\u00bbTexto e imagen Jeanne Marie Desclaux (1754-1831)\u00bb title=\u00bbJeanne Marie Desclaux (1754-1831)\u00bb url_new_window=\u00bboff\u00bb use_icon=\u00bboff\u00bb icon_color=\u00bb#dd9933&#8243; use_circle=\u00bboff\u00bb circle_color=\u00bb#dd9933&#8243; use_circle_border=\u00bboff\u00bb circle_border_color=\u00bb#dd9933&#8243; icon_placement=\u00bbtop\u00bb animation=\u00bbtop\u00bb background_layout=\u00bblight\u00bb text_orientation=\u00bbleft\u00bb use_icon_font_size=\u00bboff\u00bb use_border_color=\u00bboff\u00bb border_color=\u00bb#ffffff\u00bb border_style=\u00bbsolid\u00bb image=\u00bbhttp:\/\/ndcompassion.com\/wp-content\/uploads\/2016\/05\/M-Juana-Desclaux.jpg\u00bb] Co-fundadora de las Hermanas de Nuestra Se\u00f1ora de la Compasi\u00f3n. [\/et_pb_blurb][\/et_pb_column][et_pb_column type=\u00bb1_3&#8243;][et_pb_blurb admin_label=\u00bbTexto e imagen Victorina Du Puy\u00bb title=\u00bbVictorina Du Puy (1797-1884)\u00bb url_new_window=\u00bboff\u00bb use_icon=\u00bboff\u00bb icon_color=\u00bb#dd9933&#8243; use_circle=\u00bboff\u00bb circle_color=\u00bb#dd9933&#8243; use_circle_border=\u00bboff\u00bb circle_border_color=\u00bb#dd9933&#8243; icon_placement=\u00bbtop\u00bb animation=\u00bbtop\u00bb background_layout=\u00bblight\u00bb text_orientation=\u00bbleft\u00bb use_icon_font_size=\u00bboff\u00bb use_border_color=\u00bboff\u00bb border_color=\u00bb#ffffff\u00bb border_style=\u00bbsolid\u00bb image=\u00bbhttp:\/\/ndcompassion.com\/wp-content\/uploads\/2016\/05\/Victorine-du-Puy-Domfront.jpg\u00bb] Fundadora del Instituto de las Hijas de la Compasi\u00f3n Siervas del Se\u00f1or. [\/et_pb_blurb][\/et_pb_column][\/et_pb_row][et_pb_row admin_label=\u00bbFila\u00bb][et_pb_column type=\u00bb4_4&#8243;][et_pb_tabs admin_label=\u00bbPesta\u00f1as\u00bb use_border_color=\u00bboff\u00bb border_color=\u00bb#ffffff\u00bb border_style=\u00bbsolid\u00bb] [et_pb_tab title=\u00bbMaurice Garrigou (1766 &#8211; 1852)\u00bb tab_font_select=\u00bbdefault\u00bb tab_font=\u00bb||||\u00bb tab_line_height=\u00bb2em\u00bb tab_line_height_tablet=\u00bb2em\u00bb tab_line_height_phone=\u00bb2em\u00bb body_font_select=\u00bbdefault\u00bb body_font=\u00bb||||\u00bb body_line_height=\u00bb2em\u00bb body_line_height_tablet=\u00bb2em\u00bb body_line_height_phone=\u00bb2em\u00bb]<\/p>\n<p style=\"text-align: justify;\"><strong>Mauricio Mar\u00eda Mateo Garrigou<\/strong> naci\u00f3 el 21 de septiembre de 1766 cerca de los Pirineos franceses, en el castillo de Gudanes en el condado de Foix.<\/p>\n<p><img loading=\"lazy\" decoding=\"async\" class=\"alignleft wp-image-277 size-medium\" src=\"http:\/\/ndcompassion.com\/wp-content\/uploads\/2016\/05\/Castillo-de-Gudanes-300x200.jpg\" alt=\"Castillo de Gudanes\" width=\"300\" height=\"200\" srcset=\"https:\/\/ndcompassion.com\/wp-content\/uploads\/2016\/05\/Castillo-de-Gudanes-300x200.jpg 300w, https:\/\/ndcompassion.com\/wp-content\/uploads\/2016\/05\/Castillo-de-Gudanes.jpg 350w\" sizes=\"(max-width: 300px) 100vw, 300px\" \/><\/p>\n<p style=\"text-align: justify;\">Pero poco tiempo despu\u00e9s la familia se traslad\u00f3 a Toulouse.<br \/>\nA los 18 a\u00f1os, despu\u00e9s de cursar brillantemente sus estudios universitarios, el joven Mauricio decide hacerse sacerdote. En 1784, ingresa en el seminario de Saint Charles de Toulouse.<br \/>\nNo mucho despu\u00e9s estalla la Revoluci\u00f3n francesa y se decreta la Constituci\u00f3n civil de clero. Mauricio se ordena sacerdote en Auch y celebra su primera misa en la Noche de Navidad de 1790.<\/p>\n<p style=\"text-align: center;\">La experiencia de gozo que le invade la expresa de esta forma:\u00a0\u201cSent\u00ed que estaba cubierto de la preciosa sangre de Jesucristo\u201d<\/p>\n<p style=\"text-align: justify;\">Durante los largos d\u00edas de soledad vividos en la clandestinidad, medita ante el crucifijo la Pasi\u00f3n de Jes\u00fas. Contempla al Dios hecho hombre que sufre y es despreciado, sostenido por la presencia de Mar\u00eda, su Madre, que de pie junto a la cruz, comparte sus sufrimientos&#8230;<br \/>\nY Mauricio siente que el Calvario, en aquellos momentos, es toda Francia \u00a0conmocionada por la guerra y sus consecuencias: miedo, hambre, enfermedades, pobreza&#8230;<br \/>\nY la Compasi\u00f3n \u00a0que iba configurando y desbordando su coraz\u00f3n al contemplar a Jesucristo, \u00a0encuentra su forma de hacerse acto, le orienta hacia los hermanos, los hombres y mujeres que sufr\u00edan all\u00ed, tan cerca. Esta manera de mirar, esa manera de sentir y compartir, esa manera de com-padecer\u00a0orienta todo su camino misionero.<\/p>\n<p style=\"text-align: justify;\"><img loading=\"lazy\" decoding=\"async\" class=\"size-medium wp-image-279 alignright\" src=\"http:\/\/ndcompassion.com\/wp-content\/uploads\/2016\/05\/Fundacion-Casa-Madre-300x225.jpg\" alt=\"Fundaci\u00f3n Casa Madre\" width=\"300\" height=\"225\" srcset=\"https:\/\/ndcompassion.com\/wp-content\/uploads\/2016\/05\/Fundacion-Casa-Madre-300x225.jpg 300w, https:\/\/ndcompassion.com\/wp-content\/uploads\/2016\/05\/Fundacion-Casa-Madre.jpg 400w\" sizes=\"(max-width: 300px) 100vw, 300px\" \/>Esta \u00a0misma m\u00edstica le permitir\u00e1 ejercer con valent\u00eda su ministerio durante las fuertes perturbaciones de aquella \u00e9poca, e involucrar\u00a0en su dinamismo apost\u00f3lico tanto a laicos como a sacerdotes y a\u00a0Religiosas.<br \/>\nTodos ser\u00e1n en la vida cotidiana, de una manera o de otra, \u00a0testigos del Rostro compasivo del Padre, agentes eficaces de evangelizaci\u00f3n, formando entre ellos \u201cun solo coraz\u00f3n y una sola alma\u201d.<br \/>\nEl Instituto de las Hermanas de Nuestra Se\u00f1ora de la Compasi\u00f3n, que fund\u00f3 en 1817, fue la forma de dar cohesi\u00f3n y continuidad a este hermoso Carisma.<br \/>\nEn esta aventura Mauricio est\u00e1 acompa\u00f1ado por Juana Maria Desclaux, cofundadora y primera Superiora de la naciente comunidad.<\/p>\n<p>[\/et_pb_tab][et_pb_tab title=\u00bbJeanne Marie Desclaux (1754-1831)\u00bb tab_font_select=\u00bbdefault\u00bb tab_font=\u00bb||||\u00bb tab_line_height=\u00bb2em\u00bb tab_line_height_tablet=\u00bb2em\u00bb tab_line_height_phone=\u00bb2em\u00bb body_font_select=\u00bbdefault\u00bb body_font=\u00bb||||\u00bb body_line_height=\u00bb2em\u00bb body_line_height_tablet=\u00bb2em\u00bb body_line_height_phone=\u00bb2em\u00bb]<\/p>\n<p><img loading=\"lazy\" decoding=\"async\" class=\"alignleft wp-image-1106 size-medium\" src=\"http:\/\/ndcompassion.com\/wp-content\/uploads\/2016\/05\/Jeanne-Marie-Desclaux-300x223.jpg\" alt=\"Jeanne Marie Desclaux\" width=\"300\" height=\"223\" srcset=\"https:\/\/ndcompassion.com\/wp-content\/uploads\/2016\/05\/Jeanne-Marie-Desclaux-300x223.jpg 300w, https:\/\/ndcompassion.com\/wp-content\/uploads\/2016\/05\/Jeanne-Marie-Desclaux.jpg 350w\" sizes=\"(max-width: 300px) 100vw, 300px\" \/>Nacida el 25 de marzo de 1754 en Naillou, pueblo cercano a Toulouse, en el seno de un hogar cristiano y modesto, Juana Mar\u00eda Desclaux se qued\u00f3 muy pronto hu\u00e9rfana de padre y madre. A la edad de cuatro a\u00f1os, su t\u00eda Antonieta, que era Superiora del Convento del Buen Pastor de Toulouse, se hizo cargo de ella. Alos trece a\u00f1os, Juana Maria decide hacerse monja del Buen Pastor y a los 25\u00a0 succede a su tia como Superiora de la Comunidad.<\/p>\n<p style=\"text-align: justify;\">La Revoluci\u00f3n la obliga a salir del convento y a buscar refugio en una casa particular del barrio San Miguel.<br \/>\nAll\u00ed vuelve a crear clandestinamente un lugar de asilo para los perseguidos, un lugar donde se puede orar y celebrar los sacramentos, sobre todo la Eucarist\u00eda.<\/p>\n<p style=\"text-align: justify;\">Finalmente esta actividad es descubierta y Juana Mar\u00eda es encarcelada. Conoci\u00f3 el horror de los calabozos, sufri\u00f3 las mismas privaciones y los mismos sufrimientos que sus compa\u00f1eros y compa\u00f1eras de prisi\u00f3n, el mismo trato injusto y lleno de odio. Esta experiencia transforma su vida.<br \/>\nDescubre que su lugar y su misi\u00f3n en la Iglesia es compartir los sufrimientos e indigencias de los hombres y mujeres de su tiempo y de su entorno.<\/p>\n<p style=\"text-align: justify;\">Cuando se restablece la paz, se instala con varias religiosas en Toulouse, en la antigua Casa de la Inquisici\u00f3n.<br \/>\nAll\u00ed \u00a0permanecer\u00e1 durante 15 a\u00f1os, viviendo primero la duda, la desesperanza&#8230; y luego el renacer de su vocaci\u00f3n. En la inseguridad y la incomodidad de aquella situaci\u00f3n, elige definitivamente el amor de compasi\u00f3n, el amor que entrega su vida por sus hermanos. As\u00ed, colaborando en el trabajo de la Iglesia local, abre un pensionado para j\u00f3venes.<\/p>\n<p style=\"text-align: justify;\">Contaba 63 a\u00f1os, cuando el Padre Mauricio Garrigou le pide que asuma la direcci\u00f3n de la Congregaci\u00f3n que quiere fundar: las Hermanas de Nuestra Se\u00f1ora de la Compasi\u00f3n.\u00a0En 1817, habiendo asimilado plenamente la espiritualidad del Fundador de la Compasi\u00f3n, ser\u00e1 la primera en profesar los votos en el seno de esta nueva Congregaci\u00f3n de la que ser\u00e1 tambi\u00e9n la primera Superiora.<\/p>\n<p>Muere en 1831 rodeada de la Comunidad y acompa\u00f1ada por el Padre Mauricio Garrigou.<\/p>\n<p>&nbsp;<\/p>\n<p>[\/et_pb_tab][et_pb_tab title=\u00bbVictorina Du Puy (1797-1884)\u00bb tab_font_select=\u00bbdefault\u00bb tab_font=\u00bb||||\u00bb tab_line_height=\u00bb2em\u00bb tab_line_height_tablet=\u00bb2em\u00bb tab_line_height_phone=\u00bb2em\u00bb body_font_select=\u00bbdefault\u00bb body_font=\u00bb||||\u00bb body_line_height=\u00bb2em\u00bb body_line_height_tablet=\u00bb2em\u00bb body_line_height_phone=\u00bb2em\u00bb]<\/p>\n<p>&nbsp;<\/p>\n<p style=\"text-align: justify;\">Victorina estaba casada con Alfonso PETIT de TOURNELLES pero qued\u00f3 viuda a la edad de 42 a\u00f1os y perdi\u00f3 tambi\u00e9n a sus dos hijas.<\/p>\n<p><img loading=\"lazy\" decoding=\"async\" class=\"size-medium wp-image-283 alignleft\" src=\"http:\/\/ndcompassion.com\/wp-content\/uploads\/2016\/05\/Victorine-du-Puy-madre-de-la-compasion-177x300.jpg\" alt=\"Victorine du Puy\" width=\"177\" height=\"300\" \/><\/p>\n<p style=\"text-align: justify;\">A partir de estos acontecimientos, esta mujer que llevaba una intensa vida cristiana, se sinti\u00f3 golpeada por el abandono y la ignorancia del mundo rural en el que viv\u00eda: la falta de atenci\u00f3n a los ancianos y enfermos, el abandono de los ni\u00f1os y hu\u00e9rfanos&#8230;<br \/>\nDecide, entonces, consagrarse a los pobres con su persona y con sus bienes.<br \/>\nEl invierno de 1841 fue tan crudo que le impidi\u00f3 estar cerca de aquellos a quienes proteg\u00eda y cuidaba. Ante esta situaci\u00f3n se dijo:\u00a0\u201c\u00bfY si les trajera a mi casa?\u201d<br \/>\nY el 5 de diciembre de 1841, Victorina recoger\u00e1 en su casa al primer pobre. Un testigo nos cuenta: \u201c No cesaba de contemplarle\u201d. En ese pobre contemplaba un sue\u00f1o que se llenaba de luz, viendo un coraz\u00f3n necesitado de compasi\u00f3n.<\/p>\n<p style=\"text-align: justify;\">En unos apuntes, firmados por ella misma en 1841, puede leerse:<br \/>\n\u201cCon el fin de agradar a Dios y cumplir su Santa Voluntad, hoy 5 de diciembre, en el edificio construido para una f\u00e1brica de az\u00facar, abro un asilo para ancianos enfermos de los dos sexos, desprovistos de recursos\u201d.\u00a0Varias mujeres se unieron a ella y pronto toda la comunidad se pone al servicio de los enfermos y abandonados.<\/p>\n<p><img loading=\"lazy\" decoding=\"async\" class=\"size-full wp-image-285 alignright\" src=\"http:\/\/ndcompassion.com\/wp-content\/uploads\/2016\/05\/El-Castillo-de-Domfront.jpg\" alt=\"Castillo de Domfront\" width=\"297\" height=\"248\" \/><\/p>\n<p style=\"text-align: justify;\">Monse\u00f1or Gignoux, Obispo de Beauvais, manifestar\u00e1 una constante solicitud por la Fundadora y su obra que pronto se erige en Congregaci\u00f3n Religiosa con el nombre de \u201cHijas de la Compasi\u00f3n, Siervas del Se\u00f1or\u201d.<\/p>\n<p style=\"text-align: justify;\">Las obras en los hospitales, las casas de ancianos, los cuidados a domicilio, los orfelinatos, los servicios parroquiales, las escuelas para pobres&#8230; se van extendiendo por las di\u00f3cesis vecinas, llegando hasta B\u00e9lgica.<\/p>\n<p style=\"text-align: justify;\">Su espiritualidad de Compasi\u00f3n, semejante a la de Mauricio Garrigou, favorece el que las dos congregaciones, atendiendo a la llamada del Concilio Vaticano II, se fusionen en 1969.<\/p>\n<p>&nbsp;<\/p>\n<p>[\/et_pb_tab] [\/et_pb_tabs][\/et_pb_column][\/et_pb_row][\/et_pb_section]<\/p>\n","protected":false},"excerpt":{"rendered":"<p>El fundador del Instituto de Nuestra Se\u00f1ora de la Compasi\u00f3n en Toulouse. Co-fundadora de las Hermanas de Nuestra Se\u00f1ora de la Compasi\u00f3n. Fundadora del Instituto de las Hijas de la Compasi\u00f3n Siervas del Se\u00f1or. Mauricio Mar\u00eda Mateo Garrigou naci\u00f3 el 21 de septiembre de 1766 cerca de los Pirineos franceses, en el castillo de Gudanes [&hellip;]<\/p>\n","protected":false},"author":1,"featured_media":0,"parent":0,"menu_order":0,"comment_status":"closed","ping_status":"closed","template":"","meta":{"_et_pb_use_builder":"on","_et_pb_old_content":"","_et_gb_content_width":"","footnotes":""},"class_list":["post-50","page","type-page","status-publish","hentry"],"_links":{"self":[{"href":"https:\/\/ndcompassion.com\/es\/wp-json\/wp\/v2\/pages\/50","targetHints":{"allow":["GET"]}}],"collection":[{"href":"https:\/\/ndcompassion.com\/es\/wp-json\/wp\/v2\/pages"}],"about":[{"href":"https:\/\/ndcompassion.com\/es\/wp-json\/wp\/v2\/types\/page"}],"author":[{"embeddable":true,"href":"https:\/\/ndcompassion.com\/es\/wp-json\/wp\/v2\/users\/1"}],"replies":[{"embeddable":true,"href":"https:\/\/ndcompassion.com\/es\/wp-json\/wp\/v2\/comments?post=50"}],"version-history":[{"count":17,"href":"https:\/\/ndcompassion.com\/es\/wp-json\/wp\/v2\/pages\/50\/revisions"}],"predecessor-version":[{"id":1108,"href":"https:\/\/ndcompassion.com\/es\/wp-json\/wp\/v2\/pages\/50\/revisions\/1108"}],"wp:attachment":[{"href":"https:\/\/ndcompassion.com\/es\/wp-json\/wp\/v2\/media?parent=50"}],"curies":[{"name":"wp","href":"https:\/\/api.w.org\/{rel}","templated":true}]}}